{"id":1737,"date":"2018-04-12T14:18:12","date_gmt":"2018-04-12T17:18:12","guid":{"rendered":"http:\/\/www.asphan.org.br\/wp-content\/uploads\/2018\/04\/COMPROMISSO-FIRMADO-ENTRE-A-CONDSEF-E-O-F\u00d3RUM-DA-CULTURA-rev.pdf"},"modified":"2018-04-12T14:22:54","modified_gmt":"2018-04-12T17:22:54","slug":"compromisso-firmado-entre-a-condsef-e-o-forum-da-cultura-rev","status":"inherit","type":"attachment","link":"http:\/\/www.asphan.org.br\/index.php\/compromisso-firmado-entre-a-condsef-e-o-forum-da-cultura-rev","title":{"rendered":"Termo de Compromisso entre Condsef e F\u00f3rum da Cultura"},"author":3,"comment_status":"closed","ping_status":"closed","template":"","meta":{"_bbp_topic_count":0,"_bbp_reply_count":0,"_bbp_total_topic_count":0,"_bbp_total_reply_count":0,"_bbp_voice_count":0,"_bbp_anonymous_reply_count":0,"_bbp_topic_count_hidden":0,"_bbp_reply_count_hidden":0,"_bbp_forum_subforum_count":0,"ngg_post_thumbnail":0,"_links_to":"","_links_to_target":""},"description":{"rendered":"<p class=\"attachment\"><a href='http:\/\/www.asphan.org.br\/wp-content\/uploads\/2018\/04\/COMPROMISSO-FIRMADO-ENTRE-A-CONDSEF-E-O-F\u00d3RUM-DA-CULTURA-rev.pdf'>Termo de Compromisso entre Condsef e F\u00f3rum da Cultura<\/a><\/p>\n<p>O presente Termo de Compromisso decorre das delibera\u00e7\u00f5es de Assembleia do F\u00f3rum da Cultura, ocorrida em 30\/05\/2017, na cidade do Rio de Janeiro, tendo como representantes do  F\u00d3RUM DA CULTURA &#8211; Luciana Muniz, Presidente da ASBN (Associa\u00e7\u00e3o dos Servidores da Biblioteca Nacional), Jorge Felipe Magalh\u00e3es, Presidente da ASSERTE (Associa\u00e7\u00e3o dos Servidores da Funarte), Leonardo Barreto de Oliveira, Presidente da ASPHAN (Associa\u00e7\u00e3o Profissional dos Trabalhadores do Patrim\u00f4nio Hist\u00f3rico, Art\u00edstico e Cultural Nacional), Walter Honorato, Presidente da Associa\u00e7\u00e3o dos Servidores da Casa Rui Barbosa,  estiveram presentes representando a CONDSEF S\u00e9rgio Ronaldo, Secret\u00e1rio Geral, Jussara Griffo, Secret\u00e1ria de Administra\u00e7\u00e3o, Gilberto Jorge Cordeiro, Primeiro Adjunto da Secret\u00e1ria de Administra\u00e7\u00e3o e Mateus Guerra, representante do Departamento de Educa\u00e7\u00e3o e Cultura. <\/p>\n"},"caption":{"rendered":"<p>Termo de Compromisso entre Condsef e F\u00f3rum da Cultura O presente Termo de Compromisso decorre das delibera\u00e7\u00f5es de Assembleia do F\u00f3rum da Cultura, ocorrida em 30\/05\/2017, na cidade do Rio de Janeiro, tendo como representantes do F\u00d3RUM DA CULTURA &#8211; Luciana Muniz, Presidente da ASBN (Associa\u00e7\u00e3o dos Servidores da Biblioteca Nacional), Jorge Felipe Magalh\u00e3es, Presidente [&hellip;]<\/p>\n"},"alt_text":"","media_type":"file","mime_type":"application\/pdf","media_details":{},"post":null,"source_url":"http:\/\/www.asphan.org.br\/wp-content\/uploads\/2018\/04\/COMPROMISSO-FIRMADO-ENTRE-A-CONDSEF-E-O-F\u00d3RUM-DA-CULTURA-rev.pdf","_links":{"self":[{"href":"http:\/\/www.asphan.org.br\/index.php\/wp-json\/wp\/v2\/media\/1737"}],"collection":[{"href":"http:\/\/www.asphan.org.br\/index.php\/wp-json\/wp\/v2\/media"}],"about":[{"href":"http:\/\/www.asphan.org.br\/index.php\/wp-json\/wp\/v2\/types\/attachment"}],"author":[{"embeddable":true,"href":"http:\/\/www.asphan.org.br\/index.php\/wp-json\/wp\/v2\/users\/3"}],"replies":[{"embeddable":true,"href":"http:\/\/www.asphan.org.br\/index.php\/wp-json\/wp\/v2\/comments?post=1737"}]}}