{"id":163,"date":"2011-06-13T19:59:16","date_gmt":"2011-06-13T19:59:16","guid":{"rendered":"http:\/\/compartilhar.com.br\/asphan\/?page_id=163"},"modified":"2020-08-24T12:54:06","modified_gmt":"2020-08-24T15:54:06","slug":"contatos","status":"publish","type":"page","link":"http:\/\/www.asphan.org.br\/index.php\/contatos","title":{"rendered":"Contatos"},"content":{"rendered":"<p>N\u00f3s, da Asphan, estamos sempre abertos&nbsp;para dialogar com os profissionais, filiados e a comunidade.&nbsp;Entre em contato com a gente, descubra nossas propostas, trabalhos e venha fazer parte da nossa luta.&nbsp;Conhe\u00e7a nossos canais de comunica\u00e7\u00e3o:<\/p>\n<p><strong>Endere\u00e7o<\/strong><\/p>\n<p>Avenida Presidente Vargas, 633 &#8211; Sala 816\/817 &#8211; Centro<br \/>\nCEP: 20071-004 &#8211; Rio de Janeiro \/&nbsp;RJ<br \/>\nTels: (21) 2283-6008 \/ 2283-8111<br \/>\nE-mail: asphandn@gmail.com<\/p>\n<p><strong>Redes sociais<\/strong><\/p>\n<p>Acompanhe-nos atrav\u00e9s da nossa p\u00e1gina do Facebook:<br \/>\n<a href=\"http:\/\/www.facebook.com\/asphan.oficial\" target=\"_blank\" rel=\"noopener\">www.facebook.com\/asphan.oficial<\/a><\/p>\n<p><strong>ou se preferir envie-nos uma mensagem agora:<\/strong><\/p>\n<div role=\"form\" class=\"wpcf7\" id=\"wpcf7-f365-o1\" dir=\"ltr\">\n<div class=\"screen-reader-response\"><p role=\"status\" aria-live=\"polite\" aria-atomic=\"true\"><\/p> <ul><\/ul><\/div>\n<form action=\"\/index.php\/wp-json\/wp\/v2\/pages\/163#wpcf7-f365-o1\" method=\"post\" class=\"wpcf7-form init\" novalidate=\"novalidate\" data-status=\"init\">\n<div style=\"display: none;\">\n<input type=\"hidden\" name=\"_wpcf7\" value=\"365\" \/>\n<input type=\"hidden\" name=\"_wpcf7_version\" value=\"5.5.6\" \/>\n<input type=\"hidden\" name=\"_wpcf7_locale\" value=\"\" \/>\n<input type=\"hidden\" name=\"_wpcf7_unit_tag\" value=\"wpcf7-f365-o1\" \/>\n<input type=\"hidden\" name=\"_wpcf7_container_post\" value=\"0\" \/>\n<input type=\"hidden\" name=\"_wpcf7_posted_data_hash\" value=\"\" \/>\n<\/div>\n<p>Nome<br \/>\n    <span class=\"wpcf7-form-control-wrap your-name\"><input type=\"text\" name=\"your-name\" value=\"\" size=\"40\" class=\"wpcf7-form-control wpcf7-text wpcf7-validates-as-required\" aria-required=\"true\" aria-invalid=\"false\" \/><\/span> <\/p>\n<p>E-mail<br \/>\n    <span class=\"wpcf7-form-control-wrap your-email\"><input type=\"email\" name=\"your-email\" value=\"\" size=\"40\" class=\"wpcf7-form-control wpcf7-text wpcf7-email wpcf7-validates-as-required wpcf7-validates-as-email\" aria-required=\"true\" aria-invalid=\"false\" \/><\/span> <\/p>\n<p>Assunto<br \/>\n    <span class=\"wpcf7-form-control-wrap your-subject\"><input type=\"text\" name=\"your-subject\" value=\"\" size=\"40\" class=\"wpcf7-form-control wpcf7-text\" aria-invalid=\"false\" \/><\/span> <\/p>\n<p>Mensagem<br \/>\n    <span class=\"wpcf7-form-control-wrap your-message\"><textarea name=\"your-message\" cols=\"40\" rows=\"10\" class=\"wpcf7-form-control wpcf7-textarea\" aria-invalid=\"false\"><\/textarea><\/span> <\/p>\n<p><input type=\"submit\" value=\"Enviar\" class=\"wpcf7-form-control has-spinner wpcf7-submit\" \/><\/p>\n<div class=\"wpcf7-response-output\" aria-hidden=\"true\"><\/div><\/form><\/div>\n","protected":false},"excerpt":{"rendered":"<p>N\u00f3s, da Asphan, estamos sempre abertos&nbsp;para dialogar com os profissionais, filiados e a comunidade.&nbsp;Entre em contato com a gente, descubra nossas propostas, trabalhos e venha fazer parte da nossa luta.&nbsp;Conhe\u00e7a nossos canais de comunica\u00e7\u00e3o: Endere\u00e7o Avenida Presidente Vargas, 633 &#8211; Sala 816\/817 &#8211; Centro CEP: 20071-004 &#8211; Rio de Janeiro \/&nbsp;RJ Tels: (21) 2283-6008 \/ [&hellip;]<\/p>\n","protected":false},"author":1,"featured_media":0,"parent":0,"menu_order":7,"comment_status":"closed","ping_status":"closed","template":"","meta":{"_bbp_topic_count":0,"_bbp_reply_count":0,"_bbp_total_topic_count":0,"_bbp_total_reply_count":0,"_bbp_voice_count":0,"_bbp_anonymous_reply_count":0,"_bbp_topic_count_hidden":0,"_bbp_reply_count_hidden":0,"_bbp_forum_subforum_count":0,"ngg_post_thumbnail":0,"_links_to":"","_links_to_target":""},"_links":{"self":[{"href":"http:\/\/www.asphan.org.br\/index.php\/wp-json\/wp\/v2\/pages\/163"}],"collection":[{"href":"http:\/\/www.asphan.org.br\/index.php\/wp-json\/wp\/v2\/pages"}],"about":[{"href":"http:\/\/www.asphan.org.br\/index.php\/wp-json\/wp\/v2\/types\/page"}],"author":[{"embeddable":true,"href":"http:\/\/www.asphan.org.br\/index.php\/wp-json\/wp\/v2\/users\/1"}],"replies":[{"embeddable":true,"href":"http:\/\/www.asphan.org.br\/index.php\/wp-json\/wp\/v2\/comments?post=163"}],"version-history":[{"count":9,"href":"http:\/\/www.asphan.org.br\/index.php\/wp-json\/wp\/v2\/pages\/163\/revisions"}],"predecessor-version":[{"id":2078,"href":"http:\/\/www.asphan.org.br\/index.php\/wp-json\/wp\/v2\/pages\/163\/revisions\/2078"}],"wp:attachment":[{"href":"http:\/\/www.asphan.org.br\/index.php\/wp-json\/wp\/v2\/media?parent=163"}],"curies":[{"name":"wp","href":"https:\/\/api.w.org\/{rel}","templated":true}]}}