{"id":64,"date":"2011-06-09T16:42:57","date_gmt":"2011-06-09T16:42:57","guid":{"rendered":"http:\/\/compartilhar.com.br\/asphan\/?page_id=64"},"modified":"2015-08-24T12:31:01","modified_gmt":"2015-08-24T12:31:01","slug":"sobre","status":"publish","type":"page","link":"http:\/\/www.asphan.org.br\/index.php\/sobre","title":{"rendered":"Sobre a Asphan"},"content":{"rendered":"<p><b>O que \u00e9 a Asphan<\/b><\/p>\n<h3><span style=\"color: #999999;\">Lutar em defesa do Patrim\u00f4nio Hist\u00f3rico, Art\u00edstico e Cultural Nacional e de seus trabalhadores.<\/span><\/h3>\n<p>Esta tem sido a miss\u00e3o da Asphan desde 1985, quando 143 servidores da ent\u00e3o Funda\u00e7\u00e3o Nacional Pr\u00f3Mem\u00f3ria criaram a associa\u00e7\u00e3o. O hist\u00f3rico de conquistas da Asphan, tanto no \u00e2mbito dos direitos trabalhistas, quanto da defesa do Patrim\u00f4nio Cultural Nacional, consolidou a associa\u00e7\u00e3o como uma das entidades representativas mais atuantes entre os servidores da Cultura.<\/p>\n<p>A Asphan atua de forma a garantir a representatividade dos associados servidores do Instituto do Patrim\u00f4nio Hist\u00f3rico Art\u00edstico Nacional, bem como daqueles hoje pertencentes aos quadros do Ibram. Uma diversidade que inclui arque\u00f3logos, arquitetos, engenheiros, bibliotec\u00e1rios, administradores, t\u00e9cnicos administrativos, restauradores, arquivistas, historiadores, muse\u00f3logos, economistas, entre tantos outros trabalhadores.<\/p>\n<p>Completando, em 2015, 30 anos de sua cria\u00e7\u00e3o, a Asphan entra em uma nova etapa, com uma nova diretoria. Al\u00e9m de avan\u00e7ar na representatividade, a Asphan se prop\u00f5e agora mais pr\u00f3xima de seus associados, reafirmando sua postura combativa frente ao governo e \u00e0s dire\u00e7\u00f5es das autarquias que possuem em seus quadros nossos associados. Pautada pela consci\u00eancia de que, enquanto categoria nacional, podemos ser poucos, mas fundamentais para a preserva\u00e7\u00e3o do patrim\u00f4nio cultural do Brasil.<\/p>\n<p>&nbsp;<\/p>\n<p><strong>Por que preciso da Asphan?<\/strong><\/p>\n<h3><span style=\"color: #999999;\">O Minist\u00e9rio da Cultura e suas institui\u00e7\u00f5es vinculadas possuem mais de 30% de cargos vagos. Dos servidores em atividade, 45% j\u00e1 t\u00eam idade para se aposentar ou est\u00e3o perto disso. <\/span><\/h3>\n<p>Os concursos realizados at\u00e9 o momento n\u00e3o supriram as nossas necessidades, al\u00e9m de n\u00e3o existir confirma\u00e7\u00e3o de novos concursos. E a taxa de evas\u00e3o dos concursados ingressos no MinC em 2010 ultrapassa os 50%.<\/p>\n<p>Enquanto isso, os acordos firmados pelo governo com a categoria em 2007 e 2011 permanecem sem cumprimento integral. N\u00e3o foi honrada, por exemplo, a organiza\u00e7\u00e3o de cargos e fun\u00e7\u00f5es no \u00e2mbito das institui\u00e7\u00f5es, fundamental para a estrutura\u00e7\u00e3o dos quadros t\u00e9cnicos e que n\u00e3o representa qualquer impacto financeiro para a Uni\u00e3o. Continuam tamb\u00e9m sem reconhecimento as a\u00e7\u00f5es de pesquisa e qualifica\u00e7\u00e3o profissional, como especializa\u00e7\u00f5es, mestrados e doutorados, e as atividades de fiscaliza\u00e7\u00e3o.<\/p>\n<p>Frequentemente, os discursos para o aumento de efici\u00eancia das institui\u00e7\u00f5es passam pela transfer\u00eancia da gest\u00e3o dos servi\u00e7os para as Organiza\u00e7\u00f5es Sociais. Assim, as parcerias p\u00fablico-privadas s\u00e3o apresentadas como a \u00fanica possibilidade de resolver impasses que, na verdade, resultam de op\u00e7\u00f5es pol\u00edticas do pr\u00f3prio governo. Essa gest\u00e3o fragiliza o setor p\u00fablico e reduz a for\u00e7a da sociedade no combate a problemas comuns.<\/p>\n<p>O servidor precisa de uma organiza\u00e7\u00e3o que o represente e coloque em pauta temas como benef\u00edcios e reajustes salariais, a redu\u00e7\u00e3o da GDAC dos aposentados, o cumprimento dos acordos entre o governo e a classe, a democratiza\u00e7\u00e3o dos cargos dirigentes nas institui\u00e7\u00f5es, a recomposi\u00e7\u00e3o dos quadros t\u00e9cnicos, a precariza\u00e7\u00e3o do trabalho e, consequentemente, dos servi\u00e7os prestados \u00e0 popula\u00e7\u00e3o.<\/p>\n","protected":false},"excerpt":{"rendered":"<p>O que \u00e9 a Asphan Lutar em defesa do Patrim\u00f4nio Hist\u00f3rico, Art\u00edstico e Cultural Nacional e de seus trabalhadores. Esta tem sido a miss\u00e3o da Asphan desde 1985, quando 143 servidores da ent\u00e3o Funda\u00e7\u00e3o Nacional Pr\u00f3Mem\u00f3ria criaram a associa\u00e7\u00e3o. O hist\u00f3rico de conquistas da Asphan, tanto no \u00e2mbito dos direitos trabalhistas, quanto da defesa do [&hellip;]<\/p>\n","protected":false},"author":1,"featured_media":0,"parent":0,"menu_order":2,"comment_status":"closed","ping_status":"closed","template":"","meta":{"_bbp_topic_count":0,"_bbp_reply_count":0,"_bbp_total_topic_count":0,"_bbp_total_reply_count":0,"_bbp_voice_count":0,"_bbp_anonymous_reply_count":0,"_bbp_topic_count_hidden":0,"_bbp_reply_count_hidden":0,"_bbp_forum_subforum_count":0,"ngg_post_thumbnail":0,"_links_to":"","_links_to_target":""},"_links":{"self":[{"href":"http:\/\/www.asphan.org.br\/index.php\/wp-json\/wp\/v2\/pages\/64"}],"collection":[{"href":"http:\/\/www.asphan.org.br\/index.php\/wp-json\/wp\/v2\/pages"}],"about":[{"href":"http:\/\/www.asphan.org.br\/index.php\/wp-json\/wp\/v2\/types\/page"}],"author":[{"embeddable":true,"href":"http:\/\/www.asphan.org.br\/index.php\/wp-json\/wp\/v2\/users\/1"}],"replies":[{"embeddable":true,"href":"http:\/\/www.asphan.org.br\/index.php\/wp-json\/wp\/v2\/comments?post=64"}],"version-history":[{"count":27,"href":"http:\/\/www.asphan.org.br\/index.php\/wp-json\/wp\/v2\/pages\/64\/revisions"}],"predecessor-version":[{"id":849,"href":"http:\/\/www.asphan.org.br\/index.php\/wp-json\/wp\/v2\/pages\/64\/revisions\/849"}],"wp:attachment":[{"href":"http:\/\/www.asphan.org.br\/index.php\/wp-json\/wp\/v2\/media?parent=64"}],"curies":[{"name":"wp","href":"https:\/\/api.w.org\/{rel}","templated":true}]}}